{"id":2191,"date":"2025-02-08T16:57:39","date_gmt":"2025-02-08T16:57:39","guid":{"rendered":"https:\/\/imaginehealthcenter.hu\/?page_id=2191"},"modified":"2026-08-29T06:29:10","modified_gmt":"2026-08-29T06:29:10","slug":"sebkezeles","status":"publish","type":"page","link":"https:\/\/imaginehealthcenter.hu\/en\/sebkezeles\/","title":{"rendered":"Wound care"},"content":{"rendered":"<div style=\"background-image:url(&apos;https:\/\/imaginehealthcenter.hu\/wp-content\/uploads\/2026\/08\/sebkezeles.webp&apos;);background-size:cover;\" class=\"wp-block-group alignfull ihc-tp-hero is-layout-flow wp-block-group-is-layout-flow has-background\">\n<div class=\"wp-block-group ihc-wrap is-layout-flow wp-block-group-is-layout-flow\">\n<div class=\"wp-block-group ihc-tp-hero__grid is-layout-constrained wp-block-group-is-layout-constrained\" style=\"padding-bottom:50px\">\n<div class=\"wp-block-group ihc-tp-hero__text is-layout-flow wp-block-group-is-layout-flow\">\n<p class=\"ihc-eyebrow wp-block-paragraph\">IMAGINE HEALTH<\/p>\n\n\n\n<h1 id=\"sebkezeles\" class=\"wp-block-heading\">Wound care<\/h1>\n\n\n\n<p class=\"ihc-lead wp-block-paragraph\">Our innovative therapies support wound healing, the reduction of inflammation and pain<br>, and the regeneration of the skin.<\/p>\n\n\n\n<div class=\"wp-block-buttons ihc-btns is-layout-flex wp-block-buttons-is-layout-flex\">\n<div class=\"wp-block-button\"><a class=\"wp-block-button__link wp-element-button\" href=\"https:\/\/imaginehealthcenter.hu\/en\/hamarosan\/\">Book an appointment<\/a><\/div>\n\n\n\n<div class=\"wp-block-button ihc-btn--ghost\"><a class=\"wp-block-button__link wp-element-button\" href=\"#terapiak\">Our therapies<\/a><\/div>\n<\/div>\n<\/div>\n<\/div>\n<\/div>\n\n\n\n<figure class=\"wp-block-image size-full ihc-tp-hero__mobile-img\"><img loading=\"lazy\" decoding=\"async\" width=\"615\" height=\"782\" src=\"https:\/\/imaginehealthcenter.hu\/wp-content\/uploads\/2026\/08\/sebkezeles_03.jpg\" alt=\"Sebkezel\u00e9s az Imagine Health Centerben\" class=\"wp-image-8160\" srcset=\"https:\/\/imaginehealthcenter.hu\/wp-content\/uploads\/2026\/08\/sebkezeles_03.jpg 615w, https:\/\/imaginehealthcenter.hu\/wp-content\/uploads\/2026\/08\/sebkezeles_03-236x300.jpg 236w, https:\/\/imaginehealthcenter.hu\/wp-content\/uploads\/2026\/08\/sebkezeles_03-9x12.jpg 9w\" sizes=\"auto, (max-width: 615px) 100vw, 615px\" \/><\/figure>\n<\/div>\n\n\n\n<div class=\"wp-block-group alignfull ihc-section ihc-tp-intro is-layout-flow wp-block-group-is-layout-flow\">\n<div class=\"wp-block-group ihc-wrap is-layout-flow wp-block-group-is-layout-flow\">\n<div class=\"wp-block-group ihc-head is-layout-flow wp-block-group-is-layout-flow\">\n<h2 id=\"sebgyogyitas\" class=\"wp-block-heading translation-block\"><span style=\"color: var(--theme-palette-color-2, #0077ba)\" class=\"stk-highlight\">Healing wounds <\/span>with innovative therapies<\/h2>\n\n\n\n<p class=\"wp-block-paragraph\">Mild oxygen therapy, cryotherapy and red light therapy can all help speed up wound healing. All three therapies support the healing process, may reduce pain and inflammation, while improving the texture of the skin and may reduce scarring.<\/p>\n<\/div>\n<\/div>\n<\/div>\n\n\n\n<div class=\"wp-block-group alignfull ihc-section ihc-section--tint ihc-tp-benefits is-layout-flow wp-block-group-is-layout-flow\">\n<div class=\"wp-block-group ihc-wrap is-layout-flow wp-block-group-is-layout-flow\">\n<div class=\"wp-block-group ihc-head is-layout-flow wp-block-group-is-layout-flow\">\n<p class=\"ihc-eyebrow wp-block-paragraph\">THE MOST IMPORTANT BENEFITS<\/p>\n\n\n\n<h2 id=\"elonyok\" class=\"wp-block-heading\">What the therapies can help with<\/h2>\n<\/div>\n\n\n\n<div class=\"wp-block-group ihc-tp-cards ihc-tp-cards--5 is-layout-flow wp-block-group-is-layout-flow\">\n<div class=\"wp-block-group ihc-tp-card is-layout-flow wp-block-group-is-layout-flow\">\n<figure class=\"wp-block-image size-full is-resized ihc-tp-icon\"><img loading=\"lazy\" decoding=\"async\" width=\"300\" height=\"300\" src=\"https:\/\/imaginehealthcenter.hu\/wp-content\/uploads\/2026\/08\/Minden-gomb-11.webp\" alt=\"\" class=\"wp-image-7400\" style=\"width:56px;height:auto\" srcset=\"https:\/\/imaginehealthcenter.hu\/wp-content\/uploads\/2026\/08\/Minden-gomb-11.webp 300w, https:\/\/imaginehealthcenter.hu\/wp-content\/uploads\/2026\/08\/Minden-gomb-11-150x150.webp 150w, https:\/\/imaginehealthcenter.hu\/wp-content\/uploads\/2026\/08\/Minden-gomb-11-12x12.webp 12w\" sizes=\"auto, (max-width: 300px) 100vw, 300px\" \/><\/figure>\n\n\n\n<h3 id=\"b-gyogyulas\" class=\"wp-block-heading\">Faster recovery<\/h3>\n\n\n\n<p class=\"wp-block-paragraph\">Supporting the wound healing process.<\/p>\n<\/div>\n\n\n\n<div class=\"wp-block-group ihc-tp-card is-layout-flow wp-block-group-is-layout-flow\">\n<figure class=\"wp-block-image size-full is-resized ihc-tp-icon\"><img loading=\"lazy\" decoding=\"async\" width=\"300\" height=\"300\" src=\"https:\/\/imaginehealthcenter.hu\/wp-content\/uploads\/2026\/08\/Minden-gomb-29.png\" alt=\"\" class=\"wp-image-7861\" style=\"width:56px;height:auto\" srcset=\"https:\/\/imaginehealthcenter.hu\/wp-content\/uploads\/2026\/08\/Minden-gomb-29.png 300w, https:\/\/imaginehealthcenter.hu\/wp-content\/uploads\/2026\/08\/Minden-gomb-29-150x150.png 150w, https:\/\/imaginehealthcenter.hu\/wp-content\/uploads\/2026\/08\/Minden-gomb-29-12x12.png 12w\" sizes=\"auto, (max-width: 300px) 100vw, 300px\" \/><\/figure>\n\n\n\n<h3 id=\"b-gyulladas\" class=\"wp-block-heading\">Less inflammation<\/h3>\n\n\n\n<p class=\"wp-block-paragraph\">Reducing inflammation and swelling.<\/p>\n<\/div>\n\n\n\n<div class=\"wp-block-group ihc-tp-card is-layout-flow wp-block-group-is-layout-flow\">\n<figure class=\"wp-block-image size-full is-resized ihc-tp-icon\"><img loading=\"lazy\" decoding=\"async\" width=\"300\" height=\"300\" src=\"https:\/\/imaginehealthcenter.hu\/wp-content\/uploads\/2026\/08\/Minden-gomb-16.webp\" alt=\"\" class=\"wp-image-7776\" style=\"width:56px;height:auto\" srcset=\"https:\/\/imaginehealthcenter.hu\/wp-content\/uploads\/2026\/08\/Minden-gomb-16.webp 300w, https:\/\/imaginehealthcenter.hu\/wp-content\/uploads\/2026\/08\/Minden-gomb-16-150x150.webp 150w, https:\/\/imaginehealthcenter.hu\/wp-content\/uploads\/2026\/08\/Minden-gomb-16-12x12.webp 12w\" sizes=\"auto, (max-width: 300px) 100vw, 300px\" \/><\/figure>\n\n\n\n<h3 id=\"b-fajdalom\" class=\"wp-block-heading\">Decreasing pain<\/h3>\n\n\n\n<p class=\"wp-block-paragraph\">A more comfortable recovery alongside the treatments.<\/p>\n<\/div>\n\n\n\n<div class=\"wp-block-group ihc-tp-card is-layout-flow wp-block-group-is-layout-flow\">\n<figure class=\"wp-block-image size-full is-resized ihc-tp-icon\"><img loading=\"lazy\" decoding=\"async\" width=\"300\" height=\"300\" src=\"https:\/\/imaginehealthcenter.hu\/wp-content\/uploads\/2026\/08\/Minden-gomb-25.png\" alt=\"\" class=\"wp-image-7814\" style=\"width:56px;height:auto\" srcset=\"https:\/\/imaginehealthcenter.hu\/wp-content\/uploads\/2026\/08\/Minden-gomb-25.png 300w, https:\/\/imaginehealthcenter.hu\/wp-content\/uploads\/2026\/08\/Minden-gomb-25-150x150.png 150w, https:\/\/imaginehealthcenter.hu\/wp-content\/uploads\/2026\/08\/Minden-gomb-25-12x12.png 12w\" sizes=\"auto, (max-width: 300px) 100vw, 300px\" \/><\/figure>\n\n\n\n<h3 id=\"b-keringes\" class=\"wp-block-heading\">Better circulation<\/h3>\n\n\n\n<p class=\"wp-block-paragraph\">More oxygen and nutrients to the damaged tissues.<\/p>\n<\/div>\n\n\n\n<div class=\"wp-block-group ihc-tp-card is-layout-flow wp-block-group-is-layout-flow\">\n<figure class=\"wp-block-image size-full is-resized ihc-tp-icon\"><img loading=\"lazy\" decoding=\"async\" width=\"300\" height=\"300\" src=\"https:\/\/imaginehealthcenter.hu\/wp-content\/uploads\/2026\/08\/Minden-gomb-4.webp\" alt=\"\" class=\"wp-image-7392\" style=\"width:56px;height:auto\" srcset=\"https:\/\/imaginehealthcenter.hu\/wp-content\/uploads\/2026\/08\/Minden-gomb-4.webp 300w, https:\/\/imaginehealthcenter.hu\/wp-content\/uploads\/2026\/08\/Minden-gomb-4-150x150.webp 150w, https:\/\/imaginehealthcenter.hu\/wp-content\/uploads\/2026\/08\/Minden-gomb-4-12x12.webp 12w\" sizes=\"auto, (max-width: 300px) 100vw, 300px\" \/><\/figure>\n\n\n\n<h3 id=\"b-heg\" class=\"wp-block-heading\">Less scarring<\/h3>\n\n\n\n<p class=\"wp-block-paragraph\">Supporting the regeneration and texture of the skin.<\/p>\n<\/div>\n<\/div>\n<\/div>\n<\/div>\n\n\n\n<div class=\"wp-block-group alignfull ihc-section ihc-tp-therapies is-layout-flow wp-block-group-is-layout-flow\" id=\"terapiak\">\n<div class=\"wp-block-group ihc-wrap is-layout-flow wp-block-group-is-layout-flow\">\n<div class=\"wp-block-group ihc-head is-layout-flow wp-block-group-is-layout-flow\">\n<p class=\"ihc-eyebrow wp-block-paragraph\">HOW DO THE THERAPIES SUPPORT YOU?<\/p>\n\n\n\n<h2 id=\"terapiak-fejlec\" class=\"wp-block-heading\">Our therapies in the service of wound healing<\/h2>\n<\/div>\n\n\n\n<div class=\"wp-block-group ihc-tp-cards ihc-tp-cards--2 is-layout-flow wp-block-group-is-layout-flow\">\n<div class=\"wp-block-group ihc-tp-card ihc-tp-card--wide is-layout-flow wp-block-group-is-layout-flow\">\n<figure class=\"wp-block-image size-full is-resized ihc-tp-icon\"><img loading=\"lazy\" decoding=\"async\" width=\"96\" height=\"96\" src=\"https:\/\/imaginehealthcenter.hu\/wp-content\/uploads\/imagine-2026-ikonok\/ihc-ikon-oxigenterapia.svg\" alt=\"\" class=\"wp-image-7673\" style=\"width:52px;height:auto\"\/><\/figure>\n\n\n\n<div class=\"wp-block-group ihc-tp-card__body is-layout-flow wp-block-group-is-layout-flow\">\n<h3 id=\"t-oxigen\" class=\"wp-block-heading\">Mild oxygen therapy<\/h3>\n\n\n\n<p class=\"wp-block-paragraph\">With an increased oxygen concentration and pressure, more oxygen can reach the bloodstream, the tissues and the wound. It may help in the treatment of slow-healing wounds and may stimulate the formation of new blood vessels.<\/p>\n\n\n\n<div class=\"wp-block-buttons ihc-btns is-layout-flex wp-block-buttons-is-layout-flex\">\n<div class=\"wp-block-button ihc-btn--ghost\"><a class=\"wp-block-button__link wp-element-button\" href=\"https:\/\/imaginehealthcenter.hu\/en\/oxigen-terapia\/\">See the therapy<\/a><\/div>\n<\/div>\n<\/div>\n<\/div>\n\n\n\n<div class=\"wp-block-group ihc-tp-card ihc-tp-card--wide is-layout-flow wp-block-group-is-layout-flow\">\n<figure class=\"wp-block-image size-full is-resized ihc-tp-icon\"><img loading=\"lazy\" decoding=\"async\" width=\"96\" height=\"96\" src=\"https:\/\/imaginehealthcenter.hu\/wp-content\/uploads\/imagine-2026-ikonok\/ihc-ikon-krioszauna.svg\" alt=\"\" class=\"wp-image-7674\" style=\"width:52px;height:auto\"\/><\/figure>\n\n\n\n<div class=\"wp-block-group ihc-tp-card__body is-layout-flow wp-block-group-is-layout-flow\">\n<h3 id=\"t-krio\" class=\"wp-block-heading\">Cryotherapy<\/h3>\n\n\n\n<p class=\"wp-block-paragraph\">Under the effect of cold the blood vessels contract, which may reduce inflammation and swelling. After the treatment the vessels gradually dilate, improving circulation in the injured area.<\/p>\n\n\n\n<div class=\"wp-block-buttons ihc-btns is-layout-flex wp-block-buttons-is-layout-flex\">\n<div class=\"wp-block-button ihc-btn--ghost\"><a class=\"wp-block-button__link wp-element-button\" href=\"https:\/\/imaginehealthcenter.hu\/en\/krioterapia\/\">See the therapy<\/a><\/div>\n<\/div>\n<\/div>\n<\/div>\n\n\n\n<div class=\"wp-block-group ihc-tp-card ihc-tp-card--wide is-layout-flow wp-block-group-is-layout-flow\">\n<figure class=\"wp-block-image size-full is-resized ihc-tp-icon\"><img loading=\"lazy\" decoding=\"async\" width=\"96\" height=\"96\" src=\"https:\/\/imaginehealthcenter.hu\/wp-content\/uploads\/imagine-2026-ikonok\/ihc-ikon-vorosfenyterapia.svg\" alt=\"\" class=\"wp-image-7675\" style=\"width:52px;height:auto\"\/><\/figure>\n\n\n\n<div class=\"wp-block-group ihc-tp-card__body is-layout-flow wp-block-group-is-layout-flow\">\n<h3 id=\"t-vorosfeny\" class=\"wp-block-heading\">Red light therapy<\/h3>\n\n\n\n<p class=\"wp-block-paragraph\">Red and near-infrared light penetrates deeper into the skin, stimulates the functioning of the cells, and according to research it may contribute to wound healing and to reducing scars.<\/p>\n\n\n\n<div class=\"wp-block-buttons ihc-btns is-layout-flex wp-block-buttons-is-layout-flex\">\n<div class=\"wp-block-button ihc-btn--ghost\"><a class=\"wp-block-button__link wp-element-button\" href=\"https:\/\/imaginehealthcenter.hu\/en\/vorosfeny-terapia\/\">See the therapy<\/a><\/div>\n<\/div>\n<\/div>\n<\/div>\n\n\n\n<div class=\"wp-block-group ihc-tp-card ihc-tp-card--wide is-layout-flow wp-block-group-is-layout-flow\">\n<figure class=\"wp-block-image size-full is-resized ihc-tp-icon\"><img loading=\"lazy\" decoding=\"async\" width=\"96\" height=\"96\" src=\"https:\/\/imaginehealthcenter.hu\/wp-content\/uploads\/imagine-2026-ikonok\/ihc-ikon-nyomasterapia.svg\" alt=\"\" class=\"wp-image-7676\" style=\"width:52px;height:auto\"\/><\/figure>\n\n\n\n<div class=\"wp-block-group ihc-tp-card__body is-layout-flow wp-block-group-is-layout-flow\">\n<h3 id=\"t-nyomas\" class=\"wp-block-heading\">Air compression massage<\/h3>\n\n\n\n<p class=\"wp-block-paragraph\">Rhythmic, mechanical pressure supports venous and lymph flow, which may also be important for swelling and tissue fluid balance during recovery.<\/p>\n\n\n\n<div class=\"wp-block-buttons ihc-btns is-layout-flex wp-block-buttons-is-layout-flex\">\n<div class=\"wp-block-button ihc-btn--ghost\"><a class=\"wp-block-button__link wp-element-button\" href=\"https:\/\/imaginehealthcenter.hu\/en\/venamasszazs\/\">See the therapy<\/a><\/div>\n<\/div>\n<\/div>\n<\/div>\n<\/div>\n<\/div>\n<\/div>\n\n\n\n<div class=\"wp-block-group alignfull ihc-section ihc-section--tint ihc-tp-renew is-layout-flow wp-block-group-is-layout-flow\">\n<div class=\"wp-block-group ihc-wrap is-layout-flow wp-block-group-is-layout-flow\">\n<div class=\"wp-block-group ihc-tp-split ihc-tp-split--media-first is-layout-flow wp-block-group-is-layout-flow\">\n<div class=\"wp-block-group ihc-tp-split__media is-layout-flow wp-block-group-is-layout-flow\">\n<figure class=\"wp-block-image size-large ihc-tp-photo\"><img loading=\"lazy\" decoding=\"async\" width=\"1024\" height=\"640\" src=\"https:\/\/imaginehealthcenter.hu\/wp-content\/uploads\/2026\/08\/sebkezeles-02-1024x640.webp\" alt=\"K\u00edm\u00e9letes kezel\u00e9s az Imagine Health Centerben\" class=\"wp-image-7972\" srcset=\"https:\/\/imaginehealthcenter.hu\/wp-content\/uploads\/2026\/08\/sebkezeles-02-1024x640.webp 1024w, https:\/\/imaginehealthcenter.hu\/wp-content\/uploads\/2026\/08\/sebkezeles-02-300x188.webp 300w, https:\/\/imaginehealthcenter.hu\/wp-content\/uploads\/2026\/08\/sebkezeles-02-768x480.webp 768w, https:\/\/imaginehealthcenter.hu\/wp-content\/uploads\/2026\/08\/sebkezeles-02-1536x961.webp 1536w, https:\/\/imaginehealthcenter.hu\/wp-content\/uploads\/2026\/08\/sebkezeles-02-18x12.webp 18w, https:\/\/imaginehealthcenter.hu\/wp-content\/uploads\/2026\/08\/sebkezeles-02.webp 1586w\" sizes=\"auto, (max-width: 1024px) 100vw, 1024px\" \/><\/figure>\n<\/div>\n\n\n\n<div class=\"wp-block-group ihc-tp-split__text is-layout-flow wp-block-group-is-layout-flow\">\n<h2 id=\"tamogatott-gyogyulas\" class=\"wp-block-heading\">Supported healing at every stage<\/h2>\n\n\n\n<p class=\"wp-block-paragraph\">The therapies can help in different ways at the different stages of healing \u2013 from reducing inflammation to supporting tissue regeneration.<\/p>\n\n\n\n<ul class=\"wp-block-list ihc-tp-list ihc-tp-list--check\">\n<li>Decreasing inflammation and swelling<\/li>\n\n\n\n<li>An increased oxygen and nutrient supply<\/li>\n\n\n\n<li>Supported tissue regeneration<\/li>\n\n\n\n<li>A more comfortable, less painful recovery<\/li>\n\n\n\n<li>A more favourable development of skin texture and scars<\/li>\n<\/ul>\n<\/div>\n<\/div>\n<\/div>\n<\/div>\n\n\n\n<div class=\"wp-block-group alignfull ihc-section ihc-tp-who is-layout-flow wp-block-group-is-layout-flow\">\n<div class=\"wp-block-group ihc-wrap is-layout-flow wp-block-group-is-layout-flow\">\n<div class=\"wp-block-group ihc-head is-layout-flow wp-block-group-is-layout-flow\">\n<p class=\"ihc-eyebrow wp-block-paragraph\">WHO DO WE RECOMMEND IT FOR?<\/p>\n\n\n\n<h2 id=\"kinek-ajanljuk\" class=\"wp-block-heading\">Complementary support for healing<\/h2>\n<\/div>\n\n\n\n<div class=\"wp-block-group ihc-tp-cards ihc-tp-cards--4 is-layout-flow wp-block-group-is-layout-flow\">\n<div class=\"wp-block-group ihc-tp-card is-layout-flow wp-block-group-is-layout-flow\">\n<figure class=\"wp-block-image size-full is-resized ihc-tp-icon\"><img loading=\"lazy\" decoding=\"async\" width=\"300\" height=\"300\" src=\"https:\/\/imaginehealthcenter.hu\/wp-content\/uploads\/2026\/08\/Minden-gomb-45.png\" alt=\"\" class=\"wp-image-7975\" style=\"width:56px;height:auto\" srcset=\"https:\/\/imaginehealthcenter.hu\/wp-content\/uploads\/2026\/08\/Minden-gomb-45.png 300w, https:\/\/imaginehealthcenter.hu\/wp-content\/uploads\/2026\/08\/Minden-gomb-45-150x150.png 150w, https:\/\/imaginehealthcenter.hu\/wp-content\/uploads\/2026\/08\/Minden-gomb-45-12x12.png 12w\" sizes=\"auto, (max-width: 300px) 100vw, 300px\" \/><\/figure>\n\n\n\n<h3 id=\"w-lassu\" class=\"wp-block-heading\">A slow-healing wound<\/h3>\n\n\n\n<p class=\"wp-block-paragraph\">Those whose wound healing is prolonged and who are looking for complementary support.<\/p>\n<\/div>\n\n\n\n<div class=\"wp-block-group ihc-tp-card is-layout-flow wp-block-group-is-layout-flow\">\n<figure class=\"wp-block-image size-full is-resized ihc-tp-icon\"><img loading=\"lazy\" decoding=\"async\" width=\"300\" height=\"300\" src=\"https:\/\/imaginehealthcenter.hu\/wp-content\/uploads\/2026\/08\/Minden-gomb-44.png\" alt=\"\" class=\"wp-image-7976\" style=\"width:56px;height:auto\" srcset=\"https:\/\/imaginehealthcenter.hu\/wp-content\/uploads\/2026\/08\/Minden-gomb-44.png 300w, https:\/\/imaginehealthcenter.hu\/wp-content\/uploads\/2026\/08\/Minden-gomb-44-150x150.png 150w, https:\/\/imaginehealthcenter.hu\/wp-content\/uploads\/2026\/08\/Minden-gomb-44-12x12.png 12w\" sizes=\"auto, (max-width: 300px) 100vw, 300px\" \/><\/figure>\n\n\n\n<h3 id=\"w-mutet\" class=\"wp-block-heading\">Recovery after surgery<\/h3>\n\n\n\n<p class=\"wp-block-paragraph\">Those looking for a gentle complement alongside rehabilitation.<\/p>\n<\/div>\n\n\n\n<div class=\"wp-block-group ihc-tp-card is-layout-flow wp-block-group-is-layout-flow\">\n<figure class=\"wp-block-image size-full is-resized ihc-tp-icon\"><img loading=\"lazy\" decoding=\"async\" width=\"300\" height=\"300\" src=\"https:\/\/imaginehealthcenter.hu\/wp-content\/uploads\/2026\/08\/Minden-gomb-40.png\" alt=\"\" class=\"wp-image-7955\" style=\"width:56px;height:auto\" srcset=\"https:\/\/imaginehealthcenter.hu\/wp-content\/uploads\/2026\/08\/Minden-gomb-40.png 300w, https:\/\/imaginehealthcenter.hu\/wp-content\/uploads\/2026\/08\/Minden-gomb-40-150x150.png 150w, https:\/\/imaginehealthcenter.hu\/wp-content\/uploads\/2026\/08\/Minden-gomb-40-12x12.png 12w\" sizes=\"auto, (max-width: 300px) 100vw, 300px\" \/><\/figure>\n\n\n\n<h3 id=\"w-sport\" class=\"wp-block-heading\">After a sports injury<\/h3>\n\n\n\n<p class=\"wp-block-paragraph\">Those whose return is slowed down by inflammation and swelling.<\/p>\n<\/div>\n\n\n\n<div class=\"wp-block-group ihc-tp-card is-layout-flow wp-block-group-is-layout-flow\">\n<figure class=\"wp-block-image size-full is-resized ihc-tp-icon\"><img loading=\"lazy\" decoding=\"async\" width=\"300\" height=\"300\" src=\"https:\/\/imaginehealthcenter.hu\/wp-content\/uploads\/2026\/08\/Minden-gomb-46.png\" alt=\"\" class=\"wp-image-7974\" style=\"width:56px;height:auto\" srcset=\"https:\/\/imaginehealthcenter.hu\/wp-content\/uploads\/2026\/08\/Minden-gomb-46.png 300w, https:\/\/imaginehealthcenter.hu\/wp-content\/uploads\/2026\/08\/Minden-gomb-46-150x150.png 150w, https:\/\/imaginehealthcenter.hu\/wp-content\/uploads\/2026\/08\/Minden-gomb-46-12x12.png 12w\" sizes=\"auto, (max-width: 300px) 100vw, 300px\" \/><\/figure>\n\n\n\n<h3 id=\"w-heg\" class=\"wp-block-heading\">Treating scars<\/h3>\n\n\n\n<p class=\"wp-block-paragraph\">Those who want to support the regeneration of the skin and the development of scars.<\/p>\n<\/div>\n<\/div>\n<\/div>\n<\/div>\n\n\n\n<div class=\"wp-block-group alignfull ihc-section ihc-section--tint ihc-tp-info is-layout-flow wp-block-group-is-layout-flow\">\n<div class=\"wp-block-group ihc-wrap is-layout-flow wp-block-group-is-layout-flow\">\n<div class=\"wp-block-group ihc-head is-layout-flow wp-block-group-is-layout-flow\">\n<p class=\"ihc-eyebrow wp-block-paragraph\">FREQUENTLY ASKED QUESTIONS<\/p>\n\n\n\n<h2 id=\"gyik\" class=\"wp-block-heading\">Frequently asked questions<\/h2>\n<\/div>\n\n\n\n<div class=\"wp-block-group ihc-tp-faq ihc-tp-faq--wide is-layout-flow wp-block-group-is-layout-flow\">\n<details class=\"wp-block-details is-layout-flow wp-block-details-is-layout-flow\"><summary>Does this replace medical wound care?<\/summary>\n<p class=\"wp-block-paragraph\">No. These therapies are complementary treatments of a wellness and regeneration nature. The professional care of the wound, dressing and medical monitoring are in every case the task of the treating physician \u2013 the therapies are only worth using alongside those, after consultation.<\/p>\n<\/details>\n\n\n\n<details class=\"wp-block-details is-layout-flow wp-block-details-is-layout-flow\"><summary>Can they be applied to an open wound?<\/summary>\n<p class=\"wp-block-paragraph\">Not to an open or untreated wound. The treatments may relate to the area around the wound, or to the later stages of healing \u2013 we always discuss this in advance with you and your treating physician.<\/p>\n<\/details>\n\n\n\n<details class=\"wp-block-details is-layout-flow wp-block-details-is-layout-flow\"><summary>How long does it take before the effect is noticeable?<\/summary>\n<p class=\"wp-block-paragraph\">This varies from person to person and from therapy to therapy, and also depends greatly on the nature of the wound. For a more lasting result several regularly repeated treatments are usually needed.<\/p>\n<\/details>\n\n\n\n<details class=\"wp-block-details is-layout-flow wp-block-details-is-layout-flow\"><summary>Can the therapies be combined?<\/summary>\n<p class=\"wp-block-paragraph\">In most cases yes; in fact we often use them to complement each other. We work out the exact programme on site, in consultation with your treating physician.<\/p>\n<\/details>\n\n\n\n<details class=\"wp-block-details is-layout-flow wp-block-details-is-layout-flow\"><summary>Are there any contraindications?<\/summary>\n<p class=\"wp-block-paragraph\">Yes, and they differ from therapy to therapy. In the case of an acute infection, fever, an untreated wound, serious circulatory or heart disease, or pregnancy, always consult a specialist. You can also find the contraindications of the individual therapies on the therapy pages and on the <a href=\"https:\/\/imaginehealthcenter.hu\/en\/gyakran-ismetelt-kerdesek\/\">FAQ page<\/a> .<\/p>\n<\/details>\n<\/div>\n<\/div>\n<\/div>\n\n\n\n<div class=\"wp-block-group alignfull ihc-tp-book is-layout-flow wp-block-group-is-layout-flow\">\n<div class=\"wp-block-group ihc-wrap is-layout-flow wp-block-group-is-layout-flow\">\n<div class=\"wp-block-group ihc-tp-book__inner is-layout-flow wp-block-group-is-layout-flow\">\n<figure class=\"wp-block-image size-full is-resized ihc-tp-icon ihc-tp-book__icon\"><img loading=\"lazy\" decoding=\"async\" width=\"300\" height=\"300\" src=\"https:\/\/imaginehealthcenter.hu\/wp-content\/uploads\/2026\/08\/Minden-gomb-23.webp\" alt=\"\" class=\"wp-image-7788\" style=\"width:52px;height:auto\" srcset=\"https:\/\/imaginehealthcenter.hu\/wp-content\/uploads\/2026\/08\/Minden-gomb-23.webp 300w, https:\/\/imaginehealthcenter.hu\/wp-content\/uploads\/2026\/08\/Minden-gomb-23-150x150.webp 150w, https:\/\/imaginehealthcenter.hu\/wp-content\/uploads\/2026\/08\/Minden-gomb-23-12x12.webp 12w\" sizes=\"auto, (max-width: 300px) 100vw, 300px\" \/><\/figure>\n\n\n\n<div class=\"wp-block-group ihc-tp-book__text is-layout-flow wp-block-group-is-layout-flow\">\n<h2 id=\"cta-seb\" class=\"wp-block-heading\">Support your healing!<\/h2>\n\n\n\n<p class=\"wp-block-paragraph\">Book an appointment and let us discuss which therapy fits your recovery.<\/p>\n<\/div>\n\n\n\n<div class=\"wp-block-buttons ihc-btns ihc-tp-book__btn is-layout-flex wp-block-buttons-is-layout-flex\">\n<div class=\"wp-block-button\"><a class=\"wp-block-button__link wp-element-button\" href=\"https:\/\/imaginehealthcenter.hu\/en\/hamarosan\/\">Book an appointment<\/a><\/div>\n<\/div>\n<\/div>\n<\/div>\n<\/div>","protected":false},"excerpt":{"rendered":"<p>Az enyhe oxig\u00e9nter\u00e1pia, krioter\u00e1pia \u00e9s v\u00f6r\u00f6sf\u00e9ny-ter\u00e1pia mind hat\u00e9konyan seg\u00edt a sebgy\u00f3gyul\u00e1s felgyors\u00edt\u00e1s\u00e1ban.<\/p>","protected":false},"author":1,"featured_media":7847,"parent":0,"menu_order":0,"comment_status":"closed","ping_status":"closed","template":"","meta":{"footnotes":""},"class_list":["post-2191","page","type-page","status-publish","has-post-thumbnail","hentry"],"blocksy_meta":{"has_hero_section":"disabled","vertical_spacing_source":"custom","content_area_spacing":"none","styles_descriptor":{"styles":{"desktop":"","tablet":"","mobile":""},"google_fonts":[],"version":7}},"yoast_head":"<!-- This site is optimized with the Yoast SEO plugin v28.3 - https:\/\/yoast.com\/product\/yoast-seo-wordpress\/ -->\n<title>Sebkezel\u00e9s t\u00e1mogat\u00e1sa ter\u00e1pi\u00e1kkal \u2013 Imagine Health Center<\/title>\n<meta name=\"description\" content=\"Kieg\u00e9sz\u00edt\u0151 ter\u00e1pi\u00e1k a sebgy\u00f3gyul\u00e1s t\u00e1mogat\u00e1s\u00e1ra. Ismerd meg a kezel\u00e9sek menet\u00e9t \u00e9s a legfontosabb tudnival\u00f3kat a II. ker\u00fcleti k\u00f6zpontunkban.\" \/>\n<meta name=\"robots\" content=\"index, follow, max-snippet:-1, max-image-preview:large, max-video-preview:-1\" \/>\n<link rel=\"canonical\" href=\"https:\/\/imaginehealthcenter.hu\/en\/sebkezeles\/\" \/>\n<meta property=\"og:locale\" content=\"en_US\" \/>\n<meta property=\"og:type\" content=\"article\" \/>\n<meta property=\"og:title\" content=\"Sebkezel\u00e9s t\u00e1mogat\u00e1sa ter\u00e1pi\u00e1kkal \u2013 Imagine Health Center\" \/>\n<meta property=\"og:description\" content=\"Kieg\u00e9sz\u00edt\u0151 ter\u00e1pi\u00e1k a sebgy\u00f3gyul\u00e1s t\u00e1mogat\u00e1s\u00e1ra. Ismerd meg a kezel\u00e9sek menet\u00e9t \u00e9s a legfontosabb tudnival\u00f3kat a II. ker\u00fcleti k\u00f6zpontunkban.\" \/>\n<meta property=\"og:url\" content=\"https:\/\/imaginehealthcenter.hu\/en\/sebkezeles\/\" \/>\n<meta property=\"og:site_name\" content=\"Imagine Health Center\" \/>\n<meta property=\"article:publisher\" content=\"https:\/\/www.facebook.com\/imaginehealthofficial\/\" \/>\n<meta property=\"article:modified_time\" content=\"2026-08-29T06:29:10+00:00\" \/>\n<meta property=\"og:image\" content=\"https:\/\/imaginehealthcenter.hu\/wp-content\/uploads\/2026\/08\/Imagine-Health-Center-Budapest-Retek-utca.jpg\" \/>\n<meta name=\"twitter:card\" content=\"summary_large_image\" \/>\n<meta name=\"twitter:image\" content=\"https:\/\/imaginehealthcenter.hu\/wp-content\/uploads\/2026\/08\/Imagine-Health-Center-Budapest-Retek-utca.jpg\" \/>\n<meta name=\"twitter:label1\" content=\"Est. reading time\" \/>\n\t<meta name=\"twitter:data1\" content=\"7 minutes\" \/>\n<script type=\"application\/ld+json\" class=\"yoast-schema-graph\">{\"@context\":\"https:\\\/\\\/schema.org\",\"@graph\":[{\"@type\":\"WebPage\",\"@id\":\"https:\\\/\\\/imaginehealthcenter.hu\\\/sebkezeles\\\/\",\"url\":\"https:\\\/\\\/imaginehealthcenter.hu\\\/sebkezeles\\\/\",\"name\":\"Sebkezel\u00e9s t\u00e1mogat\u00e1sa ter\u00e1pi\u00e1kkal \u2013 Imagine Health Center\",\"isPartOf\":{\"@id\":\"https:\\\/\\\/imaginehealthcenter.hu\\\/#website\"},\"primaryImageOfPage\":{\"@id\":\"https:\\\/\\\/imaginehealthcenter.hu\\\/sebkezeles\\\/#primaryimage\"},\"image\":{\"@id\":\"https:\\\/\\\/imaginehealthcenter.hu\\\/sebkezeles\\\/#primaryimage\"},\"thumbnailUrl\":\"https:\\\/\\\/imaginehealthcenter.hu\\\/wp-content\\\/uploads\\\/2026\\\/08\\\/Imagine-Health-Center-Budapest-Retek-utca.jpg\",\"datePublished\":\"2025-02-08T16:57:39+00:00\",\"dateModified\":\"2026-08-29T06:29:10+00:00\",\"description\":\"Kieg\u00e9sz\u00edt\u0151 ter\u00e1pi\u00e1k a sebgy\u00f3gyul\u00e1s t\u00e1mogat\u00e1s\u00e1ra. Ismerd meg a kezel\u00e9sek menet\u00e9t \u00e9s a legfontosabb tudnival\u00f3kat a II. ker\u00fcleti k\u00f6zpontunkban.\",\"breadcrumb\":{\"@id\":\"https:\\\/\\\/imaginehealthcenter.hu\\\/sebkezeles\\\/#breadcrumb\"},\"inLanguage\":\"en-US\",\"potentialAction\":[{\"@type\":\"ReadAction\",\"target\":[\"https:\\\/\\\/imaginehealthcenter.hu\\\/sebkezeles\\\/\"]}]},{\"@type\":\"ImageObject\",\"inLanguage\":\"en-US\",\"@id\":\"https:\\\/\\\/imaginehealthcenter.hu\\\/sebkezeles\\\/#primaryimage\",\"url\":\"https:\\\/\\\/imaginehealthcenter.hu\\\/wp-content\\\/uploads\\\/2026\\\/08\\\/Imagine-Health-Center-Budapest-Retek-utca.jpg\",\"contentUrl\":\"https:\\\/\\\/imaginehealthcenter.hu\\\/wp-content\\\/uploads\\\/2026\\\/08\\\/Imagine-Health-Center-Budapest-Retek-utca.jpg\",\"width\":1254,\"height\":1254,\"caption\":\"Imagine Health Center \u2013 Budapest, Retek utca\"},{\"@type\":\"BreadcrumbList\",\"@id\":\"https:\\\/\\\/imaginehealthcenter.hu\\\/sebkezeles\\\/#breadcrumb\",\"itemListElement\":[{\"@type\":\"ListItem\",\"position\":1,\"name\":\"Kezd\u0151lap\",\"item\":\"https:\\\/\\\/imaginehealthcenter.hu\\\/\"},{\"@type\":\"ListItem\",\"position\":2,\"name\":\"Sebkezel\u00e9s\"}]},{\"@type\":\"WebSite\",\"@id\":\"https:\\\/\\\/imaginehealthcenter.hu\\\/#website\",\"url\":\"https:\\\/\\\/imaginehealthcenter.hu\\\/\",\"name\":\"Imagine Health Center\",\"description\":\"Innovat\u00edv Wellness Centrum a Mammut k\u00f6zel\u00e9ben\",\"publisher\":{\"@id\":\"https:\\\/\\\/imaginehealthcenter.hu\\\/#organization\"},\"potentialAction\":[{\"@type\":\"SearchAction\",\"target\":{\"@type\":\"EntryPoint\",\"urlTemplate\":\"https:\\\/\\\/imaginehealthcenter.hu\\\/?s={search_term_string}\"},\"query-input\":{\"@type\":\"PropertyValueSpecification\",\"valueRequired\":true,\"valueName\":\"search_term_string\"}}],\"inLanguage\":\"en-US\"},{\"@type\":\"Organization\",\"@id\":\"https:\\\/\\\/imaginehealthcenter.hu\\\/#organization\",\"name\":\"Imagine Health Center\",\"url\":\"https:\\\/\\\/imaginehealthcenter.hu\\\/\",\"logo\":{\"@type\":\"ImageObject\",\"inLanguage\":\"en-US\",\"@id\":\"https:\\\/\\\/imaginehealthcenter.hu\\\/#\\\/schema\\\/logo\\\/image\\\/\",\"url\":\"https:\\\/\\\/imaginehealthcenter.hu\\\/wp-content\\\/uploads\\\/2026\\\/01\\\/IMAGINE-HEALTH-CENTER-logo-colored-black._horizontal_small.png\",\"contentUrl\":\"https:\\\/\\\/imaginehealthcenter.hu\\\/wp-content\\\/uploads\\\/2026\\\/01\\\/IMAGINE-HEALTH-CENTER-logo-colored-black._horizontal_small.png\",\"width\":1500,\"height\":461,\"caption\":\"Imagine Health Center\"},\"image\":{\"@id\":\"https:\\\/\\\/imaginehealthcenter.hu\\\/#\\\/schema\\\/logo\\\/image\\\/\"},\"sameAs\":[\"https:\\\/\\\/www.facebook.com\\\/imaginehealthofficial\\\/\",\"https:\\\/\\\/www.tiktok.com\\\/@imaginehealth\"]}]}<\/script>\n<!-- \/ Yoast SEO plugin. -->","yoast_head_json":{"title":"Sebkezel\u00e9s t\u00e1mogat\u00e1sa ter\u00e1pi\u00e1kkal \u2013 Imagine Health Center","description":"Kieg\u00e9sz\u00edt\u0151 ter\u00e1pi\u00e1k a sebgy\u00f3gyul\u00e1s t\u00e1mogat\u00e1s\u00e1ra. Ismerd meg a kezel\u00e9sek menet\u00e9t \u00e9s a legfontosabb tudnival\u00f3kat a II. ker\u00fcleti k\u00f6zpontunkban.","robots":{"index":"index","follow":"follow","max-snippet":"max-snippet:-1","max-image-preview":"max-image-preview:large","max-video-preview":"max-video-preview:-1"},"canonical":"https:\/\/imaginehealthcenter.hu\/en\/sebkezeles\/","og_locale":"en_US","og_type":"article","og_title":"Sebkezel\u00e9s t\u00e1mogat\u00e1sa ter\u00e1pi\u00e1kkal \u2013 Imagine Health Center","og_description":"Kieg\u00e9sz\u00edt\u0151 ter\u00e1pi\u00e1k a sebgy\u00f3gyul\u00e1s t\u00e1mogat\u00e1s\u00e1ra. Ismerd meg a kezel\u00e9sek menet\u00e9t \u00e9s a legfontosabb tudnival\u00f3kat a II. ker\u00fcleti k\u00f6zpontunkban.","og_url":"https:\/\/imaginehealthcenter.hu\/en\/sebkezeles\/","og_site_name":"Imagine Health Center","article_publisher":"https:\/\/www.facebook.com\/imaginehealthofficial\/","article_modified_time":"2026-08-29T06:29:10+00:00","og_image":[{"url":"https:\/\/imaginehealthcenter.hu\/wp-content\/uploads\/2026\/08\/Imagine-Health-Center-Budapest-Retek-utca.jpg","type":"","width":"","height":""}],"twitter_card":"summary_large_image","twitter_image":"https:\/\/imaginehealthcenter.hu\/wp-content\/uploads\/2026\/08\/Imagine-Health-Center-Budapest-Retek-utca.jpg","twitter_misc":{"Est. reading time":"7 minutes"},"schema":{"@context":"https:\/\/schema.org","@graph":[{"@type":"WebPage","@id":"https:\/\/imaginehealthcenter.hu\/sebkezeles\/","url":"https:\/\/imaginehealthcenter.hu\/sebkezeles\/","name":"Sebkezel\u00e9s t\u00e1mogat\u00e1sa ter\u00e1pi\u00e1kkal \u2013 Imagine Health Center","isPartOf":{"@id":"https:\/\/imaginehealthcenter.hu\/#website"},"primaryImageOfPage":{"@id":"https:\/\/imaginehealthcenter.hu\/sebkezeles\/#primaryimage"},"image":{"@id":"https:\/\/imaginehealthcenter.hu\/sebkezeles\/#primaryimage"},"thumbnailUrl":"https:\/\/imaginehealthcenter.hu\/wp-content\/uploads\/2026\/08\/Imagine-Health-Center-Budapest-Retek-utca.jpg","datePublished":"2025-02-08T16:57:39+00:00","dateModified":"2026-08-29T06:29:10+00:00","description":"Kieg\u00e9sz\u00edt\u0151 ter\u00e1pi\u00e1k a sebgy\u00f3gyul\u00e1s t\u00e1mogat\u00e1s\u00e1ra. Ismerd meg a kezel\u00e9sek menet\u00e9t \u00e9s a legfontosabb tudnival\u00f3kat a II. ker\u00fcleti k\u00f6zpontunkban.","breadcrumb":{"@id":"https:\/\/imaginehealthcenter.hu\/sebkezeles\/#breadcrumb"},"inLanguage":"en-US","potentialAction":[{"@type":"ReadAction","target":["https:\/\/imaginehealthcenter.hu\/sebkezeles\/"]}]},{"@type":"ImageObject","inLanguage":"en-US","@id":"https:\/\/imaginehealthcenter.hu\/sebkezeles\/#primaryimage","url":"https:\/\/imaginehealthcenter.hu\/wp-content\/uploads\/2026\/08\/Imagine-Health-Center-Budapest-Retek-utca.jpg","contentUrl":"https:\/\/imaginehealthcenter.hu\/wp-content\/uploads\/2026\/08\/Imagine-Health-Center-Budapest-Retek-utca.jpg","width":1254,"height":1254,"caption":"Imagine Health Center \u2013 Budapest, Retek utca"},{"@type":"BreadcrumbList","@id":"https:\/\/imaginehealthcenter.hu\/sebkezeles\/#breadcrumb","itemListElement":[{"@type":"ListItem","position":1,"name":"Kezd\u0151lap","item":"https:\/\/imaginehealthcenter.hu\/"},{"@type":"ListItem","position":2,"name":"Sebkezel\u00e9s"}]},{"@type":"WebSite","@id":"https:\/\/imaginehealthcenter.hu\/#website","url":"https:\/\/imaginehealthcenter.hu\/","name":"Imagine Health Center","description":"Innovat\u00edv Wellness Centrum a Mammut k\u00f6zel\u00e9ben","publisher":{"@id":"https:\/\/imaginehealthcenter.hu\/#organization"},"potentialAction":[{"@type":"SearchAction","target":{"@type":"EntryPoint","urlTemplate":"https:\/\/imaginehealthcenter.hu\/?s={search_term_string}"},"query-input":{"@type":"PropertyValueSpecification","valueRequired":true,"valueName":"search_term_string"}}],"inLanguage":"en-US"},{"@type":"Organization","@id":"https:\/\/imaginehealthcenter.hu\/#organization","name":"Imagine Health Center","url":"https:\/\/imaginehealthcenter.hu\/","logo":{"@type":"ImageObject","inLanguage":"en-US","@id":"https:\/\/imaginehealthcenter.hu\/#\/schema\/logo\/image\/","url":"https:\/\/imaginehealthcenter.hu\/wp-content\/uploads\/2026\/01\/IMAGINE-HEALTH-CENTER-logo-colored-black._horizontal_small.png","contentUrl":"https:\/\/imaginehealthcenter.hu\/wp-content\/uploads\/2026\/01\/IMAGINE-HEALTH-CENTER-logo-colored-black._horizontal_small.png","width":1500,"height":461,"caption":"Imagine Health Center"},"image":{"@id":"https:\/\/imaginehealthcenter.hu\/#\/schema\/logo\/image\/"},"sameAs":["https:\/\/www.facebook.com\/imaginehealthofficial\/","https:\/\/www.tiktok.com\/@imaginehealth"]}]}},"_links":{"self":[{"href":"https:\/\/imaginehealthcenter.hu\/en\/wp-json\/wp\/v2\/pages\/2191","targetHints":{"allow":["GET"]}}],"collection":[{"href":"https:\/\/imaginehealthcenter.hu\/en\/wp-json\/wp\/v2\/pages"}],"about":[{"href":"https:\/\/imaginehealthcenter.hu\/en\/wp-json\/wp\/v2\/types\/page"}],"author":[{"embeddable":true,"href":"https:\/\/imaginehealthcenter.hu\/en\/wp-json\/wp\/v2\/users\/1"}],"replies":[{"embeddable":true,"href":"https:\/\/imaginehealthcenter.hu\/en\/wp-json\/wp\/v2\/comments?post=2191"}],"version-history":[{"count":0,"href":"https:\/\/imaginehealthcenter.hu\/en\/wp-json\/wp\/v2\/pages\/2191\/revisions"}],"wp:featuredmedia":[{"embeddable":true,"href":"https:\/\/imaginehealthcenter.hu\/en\/wp-json\/wp\/v2\/media\/7847"}],"wp:attachment":[{"href":"https:\/\/imaginehealthcenter.hu\/en\/wp-json\/wp\/v2\/media?parent=2191"}],"curies":[{"name":"wp","href":"https:\/\/api.w.org\/{rel}","templated":true}]}}