{"id":2206,"date":"2025-02-08T17:32:39","date_gmt":"2025-02-08T17:32:39","guid":{"rendered":"https:\/\/imaginehealthcenter.hu\/?page_id=2206"},"modified":"2026-08-29T06:31:07","modified_gmt":"2026-08-29T06:31:07","slug":"jobb-alvas","status":"publish","type":"page","link":"https:\/\/imaginehealthcenter.hu\/en\/jobb-alvas\/","title":{"rendered":"Better sleep"},"content":{"rendered":"<div style=\"background-image:url(&apos;https:\/\/imaginehealthcenter.hu\/wp-content\/uploads\/2026\/08\/jobb-alvas-02.webp&apos;);background-size:cover;\" class=\"wp-block-group alignfull ihc-tp-hero is-layout-flow wp-block-group-is-layout-flow has-background\">\n<div class=\"wp-block-group ihc-wrap is-layout-flow wp-block-group-is-layout-flow\">\n<div class=\"wp-block-group ihc-tp-hero__grid is-layout-constrained wp-block-group-is-layout-constrained\" style=\"padding-bottom:50px\">\n<div class=\"wp-block-group ihc-tp-hero__text is-layout-flow wp-block-group-is-layout-flow\">\n<p class=\"ihc-eyebrow wp-block-paragraph\">IMAGINE HEALTH<\/p>\n\n\n\n<h1 id=\"jobb-alvas\" class=\"wp-block-heading\">Better sleep<\/h1>\n\n\n\n<p class=\"ihc-lead wp-block-paragraph\">Our therapies support rest, relaxation and recovery<br>\u2013 for calmer nights.<\/p>\n\n\n\n<div class=\"wp-block-buttons ihc-btns is-layout-flex wp-block-buttons-is-layout-flex\">\n<div class=\"wp-block-button\"><a class=\"wp-block-button__link wp-element-button\" href=\"https:\/\/imaginehealthcenter.hu\/en\/hamarosan\/\">Book an appointment<\/a><\/div>\n\n\n\n<div class=\"wp-block-button ihc-btn--ghost\"><a class=\"wp-block-button__link wp-element-button\" href=\"#terapiak\">Our therapies<\/a><\/div>\n<\/div>\n<\/div>\n<\/div>\n<\/div>\n\n\n\n<figure class=\"wp-block-image size-full ihc-tp-hero__mobile-img\"><img loading=\"lazy\" decoding=\"async\" width=\"658\" height=\"782\" src=\"https:\/\/imaginehealthcenter.hu\/wp-content\/uploads\/2026\/08\/jobb-alvas-03.jpg\" alt=\"Pihen\u00e9s \u00e9s regener\u00e1ci\u00f3 az Imagine Health Centerben\" class=\"wp-image-8162\" srcset=\"https:\/\/imaginehealthcenter.hu\/wp-content\/uploads\/2026\/08\/jobb-alvas-03.jpg 658w, https:\/\/imaginehealthcenter.hu\/wp-content\/uploads\/2026\/08\/jobb-alvas-03-252x300.jpg 252w, https:\/\/imaginehealthcenter.hu\/wp-content\/uploads\/2026\/08\/jobb-alvas-03-10x12.jpg 10w\" sizes=\"auto, (max-width: 658px) 100vw, 658px\" \/><\/figure>\n<\/div>\n\n\n\n<div class=\"wp-block-group alignfull ihc-section ihc-tp-intro is-layout-flow wp-block-group-is-layout-flow\">\n<div class=\"wp-block-group ihc-wrap is-layout-flow wp-block-group-is-layout-flow\">\n<div class=\"wp-block-group ihc-head is-layout-flow wp-block-group-is-layout-flow\">\n<h2 id=\"nyugodtabb-ejszakak\" class=\"wp-block-heading\">Calmer nights, more rested mornings<\/h2>\n\n\n\n<p class=\"wp-block-paragraph\">The quality of sleep is influenced by many things: stress, accumulated tension, circulation and the strain of the day. The aim of our therapies is to support the body's relaxation and recovery, which may contribute to more restful sleep.<\/p>\n<\/div>\n<\/div>\n<\/div>\n\n\n\n<div class=\"wp-block-group alignfull ihc-section ihc-section--tint ihc-tp-benefits is-layout-flow wp-block-group-is-layout-flow\">\n<div class=\"wp-block-group ihc-wrap is-layout-flow wp-block-group-is-layout-flow\">\n<div class=\"wp-block-group ihc-head is-layout-flow wp-block-group-is-layout-flow\">\n<p class=\"ihc-eyebrow wp-block-paragraph\">THE MOST IMPORTANT BENEFITS<\/p>\n\n\n\n<h2 id=\"elonyok\" class=\"wp-block-heading\">What the therapies can help with<\/h2>\n<\/div>\n\n\n\n<div class=\"wp-block-group ihc-tp-cards ihc-tp-cards--5 is-layout-flow wp-block-group-is-layout-flow\">\n<div class=\"wp-block-group ihc-tp-card is-layout-flow wp-block-group-is-layout-flow\">\n<figure class=\"wp-block-image size-full is-resized ihc-tp-icon\"><img loading=\"lazy\" decoding=\"async\" width=\"300\" height=\"300\" src=\"https:\/\/imaginehealthcenter.hu\/wp-content\/uploads\/2026\/08\/Minden-gomb-9.webp\" alt=\"\" class=\"wp-image-7398\" style=\"width:56px;height:auto\" srcset=\"https:\/\/imaginehealthcenter.hu\/wp-content\/uploads\/2026\/08\/Minden-gomb-9.webp 300w, https:\/\/imaginehealthcenter.hu\/wp-content\/uploads\/2026\/08\/Minden-gomb-9-150x150.webp 150w, https:\/\/imaginehealthcenter.hu\/wp-content\/uploads\/2026\/08\/Minden-gomb-9-12x12.webp 12w\" sizes=\"auto, (max-width: 300px) 100vw, 300px\" \/><\/figure>\n\n\n\n<h3 id=\"b-ellazulas\" class=\"wp-block-heading\">Deeper relaxation<\/h3>\n\n\n\n<p class=\"wp-block-paragraph\">Releasing tension in the body and the mind.<\/p>\n<\/div>\n\n\n\n<div class=\"wp-block-group ihc-tp-card is-layout-flow wp-block-group-is-layout-flow\">\n<figure class=\"wp-block-image size-full is-resized ihc-tp-icon\"><img loading=\"lazy\" decoding=\"async\" width=\"300\" height=\"300\" src=\"https:\/\/imaginehealthcenter.hu\/wp-content\/uploads\/2026\/08\/Minden-gomb-28.png\" alt=\"\" class=\"wp-image-7819\" style=\"width:56px;height:auto\" srcset=\"https:\/\/imaginehealthcenter.hu\/wp-content\/uploads\/2026\/08\/Minden-gomb-28.png 300w, https:\/\/imaginehealthcenter.hu\/wp-content\/uploads\/2026\/08\/Minden-gomb-28-150x150.png 150w, https:\/\/imaginehealthcenter.hu\/wp-content\/uploads\/2026\/08\/Minden-gomb-28-12x12.png 12w\" sizes=\"auto, (max-width: 300px) 100vw, 300px\" \/><\/figure>\n\n\n\n<h3 id=\"b-stressz\" class=\"wp-block-heading\">Less stress<\/h3>\n\n\n\n<p class=\"wp-block-paragraph\">Decreasing tension by the end of the day.<\/p>\n<\/div>\n\n\n\n<div class=\"wp-block-group ihc-tp-card is-layout-flow wp-block-group-is-layout-flow\">\n<figure class=\"wp-block-image size-full is-resized ihc-tp-icon\"><img loading=\"lazy\" decoding=\"async\" width=\"300\" height=\"300\" src=\"https:\/\/imaginehealthcenter.hu\/wp-content\/uploads\/2026\/08\/Minden-gomb-26.png\" alt=\"\" class=\"wp-image-7815\" style=\"width:56px;height:auto\" srcset=\"https:\/\/imaginehealthcenter.hu\/wp-content\/uploads\/2026\/08\/Minden-gomb-26.png 300w, https:\/\/imaginehealthcenter.hu\/wp-content\/uploads\/2026\/08\/Minden-gomb-26-150x150.png 150w, https:\/\/imaginehealthcenter.hu\/wp-content\/uploads\/2026\/08\/Minden-gomb-26-12x12.png 12w\" sizes=\"auto, (max-width: 300px) 100vw, 300px\" \/><\/figure>\n\n\n\n<h3 id=\"b-regeneracio\" class=\"wp-block-heading\">Better recovery<\/h3>\n\n\n\n<p class=\"wp-block-paragraph\">Supported overnight restoration.<\/p>\n<\/div>\n\n\n\n<div class=\"wp-block-group ihc-tp-card is-layout-flow wp-block-group-is-layout-flow\">\n<figure class=\"wp-block-image size-full is-resized ihc-tp-icon\"><img loading=\"lazy\" decoding=\"async\" width=\"300\" height=\"300\" src=\"https:\/\/imaginehealthcenter.hu\/wp-content\/uploads\/2026\/08\/Minden-gomb-31.png\" alt=\"\" class=\"wp-image-7865\" style=\"width:56px;height:auto\" srcset=\"https:\/\/imaginehealthcenter.hu\/wp-content\/uploads\/2026\/08\/Minden-gomb-31.png 300w, https:\/\/imaginehealthcenter.hu\/wp-content\/uploads\/2026\/08\/Minden-gomb-31-150x150.png 150w, https:\/\/imaginehealthcenter.hu\/wp-content\/uploads\/2026\/08\/Minden-gomb-31-12x12.png 12w\" sizes=\"auto, (max-width: 300px) 100vw, 300px\" \/><\/figure>\n\n\n\n<h3 id=\"b-reggel\" class=\"wp-block-heading\">A more rested morning<\/h3>\n\n\n\n<p class=\"wp-block-paragraph\">Waking up fresher and with clearer focus.<\/p>\n<\/div>\n\n\n\n<div class=\"wp-block-group ihc-tp-card is-layout-flow wp-block-group-is-layout-flow\">\n<figure class=\"wp-block-image size-full is-resized ihc-tp-icon\"><img loading=\"lazy\" decoding=\"async\" width=\"300\" height=\"300\" src=\"https:\/\/imaginehealthcenter.hu\/wp-content\/uploads\/2026\/08\/Minden-gomb-8.webp\" alt=\"\" class=\"wp-image-7397\" style=\"width:56px;height:auto\" srcset=\"https:\/\/imaginehealthcenter.hu\/wp-content\/uploads\/2026\/08\/Minden-gomb-8.webp 300w, https:\/\/imaginehealthcenter.hu\/wp-content\/uploads\/2026\/08\/Minden-gomb-8-150x150.webp 150w, https:\/\/imaginehealthcenter.hu\/wp-content\/uploads\/2026\/08\/Minden-gomb-8-12x12.webp 12w\" sizes=\"auto, (max-width: 300px) 100vw, 300px\" \/><\/figure>\n\n\n\n<h3 id=\"b-ritmus\" class=\"wp-block-heading\">A more balanced rhythm<\/h3>\n\n\n\n<p class=\"wp-block-paragraph\">A more conscious evening wind-down and routine.<\/p>\n<\/div>\n<\/div>\n<\/div>\n<\/div>\n\n\n\n<div class=\"wp-block-group alignfull ihc-section ihc-tp-therapies is-layout-flow wp-block-group-is-layout-flow\" id=\"terapiak\">\n<div class=\"wp-block-group ihc-wrap is-layout-flow wp-block-group-is-layout-flow\">\n<div class=\"wp-block-group ihc-head is-layout-flow wp-block-group-is-layout-flow\">\n<p class=\"ihc-eyebrow wp-block-paragraph\">HOW DO THE THERAPIES SUPPORT YOU?<\/p>\n\n\n\n<h2 id=\"terapiak-fejlec\" class=\"wp-block-heading\">Our therapies in the service of more restful sleep<\/h2>\n<\/div>\n\n\n\n<div class=\"wp-block-group ihc-tp-cards ihc-tp-cards--2 is-layout-flow wp-block-group-is-layout-flow\">\n<div class=\"wp-block-group ihc-tp-card ihc-tp-card--wide is-layout-flow wp-block-group-is-layout-flow\">\n<figure class=\"wp-block-image size-full is-resized ihc-tp-icon\"><img loading=\"lazy\" decoding=\"async\" width=\"96\" height=\"96\" src=\"https:\/\/imaginehealthcenter.hu\/wp-content\/uploads\/imagine-2026-ikonok\/ihc-ikon-oxigenterapia.svg\" alt=\"\" class=\"wp-image-7673\" style=\"width:52px;height:auto\"\/><\/figure>\n\n\n\n<div class=\"wp-block-group ihc-tp-card__body is-layout-flow wp-block-group-is-layout-flow\">\n<h3 id=\"t-oxigen\" class=\"wp-block-heading\">Mild oxygen therapy<\/h3>\n\n\n\n<p class=\"wp-block-paragraph\">The increased oxygen level supports circulation and regeneration. The time spent in the chamber promotes the relaxation of the whole body, which may contribute to more restful sleep.<\/p>\n\n\n\n<div class=\"wp-block-buttons ihc-btns is-layout-flex wp-block-buttons-is-layout-flex\">\n<div class=\"wp-block-button ihc-btn--ghost\"><a class=\"wp-block-button__link wp-element-button\" href=\"https:\/\/imaginehealthcenter.hu\/en\/oxigen-terapia\/\">See the therapy<\/a><\/div>\n<\/div>\n<\/div>\n<\/div>\n\n\n\n<div class=\"wp-block-group ihc-tp-card ihc-tp-card--wide is-layout-flow wp-block-group-is-layout-flow\">\n<figure class=\"wp-block-image size-full is-resized ihc-tp-icon\"><img loading=\"lazy\" decoding=\"async\" width=\"96\" height=\"96\" src=\"https:\/\/imaginehealthcenter.hu\/wp-content\/uploads\/imagine-2026-ikonok\/ihc-ikon-nyomasterapia.svg\" alt=\"\" class=\"wp-image-7676\" style=\"width:52px;height:auto\"\/><\/figure>\n\n\n\n<div class=\"wp-block-group ihc-tp-card__body is-layout-flow wp-block-group-is-layout-flow\">\n<h3 id=\"t-nyomas\" class=\"wp-block-heading\">Air compression massage<\/h3>\n\n\n\n<p class=\"wp-block-paragraph\">Rhythmic, mechanical pressure is a pleasant, passive treatment: it supports venous and lymph flow, and many people find it distinctly relaxing after a long day.<\/p>\n\n\n\n<div class=\"wp-block-buttons ihc-btns is-layout-flex wp-block-buttons-is-layout-flex\">\n<div class=\"wp-block-button ihc-btn--ghost\"><a class=\"wp-block-button__link wp-element-button\" href=\"https:\/\/imaginehealthcenter.hu\/en\/venamasszazs\/\">See the therapy<\/a><\/div>\n<\/div>\n<\/div>\n<\/div>\n\n\n\n<div class=\"wp-block-group ihc-tp-card ihc-tp-card--wide is-layout-flow wp-block-group-is-layout-flow\">\n<figure class=\"wp-block-image size-full is-resized ihc-tp-icon\"><img loading=\"lazy\" decoding=\"async\" width=\"96\" height=\"96\" src=\"https:\/\/imaginehealthcenter.hu\/wp-content\/uploads\/imagine-2026-ikonok\/ihc-ikon-vorosfenyterapia.svg\" alt=\"\" class=\"wp-image-7675\" style=\"width:52px;height:auto\"\/><\/figure>\n\n\n\n<div class=\"wp-block-group ihc-tp-card__body is-layout-flow wp-block-group-is-layout-flow\">\n<h3 id=\"t-vorosfeny\" class=\"wp-block-heading\">Red light therapy<\/h3>\n\n\n\n<p class=\"wp-block-paragraph\">Treatment with red and near-infrared light is a quiet, passive way of recharging that supports cell-level regeneration.<\/p>\n\n\n\n<div class=\"wp-block-buttons ihc-btns is-layout-flex wp-block-buttons-is-layout-flex\">\n<div class=\"wp-block-button ihc-btn--ghost\"><a class=\"wp-block-button__link wp-element-button\" href=\"https:\/\/imaginehealthcenter.hu\/en\/vorosfeny-terapia\/\">See the therapy<\/a><\/div>\n<\/div>\n<\/div>\n<\/div>\n\n\n\n<div class=\"wp-block-group ihc-tp-card ihc-tp-card--wide is-layout-flow wp-block-group-is-layout-flow\">\n<figure class=\"wp-block-image size-full is-resized ihc-tp-icon\"><img loading=\"lazy\" decoding=\"async\" width=\"96\" height=\"96\" src=\"https:\/\/imaginehealthcenter.hu\/wp-content\/uploads\/imagine-2026-ikonok\/ihc-ikon-krioszauna.svg\" alt=\"\" class=\"wp-image-7674\" style=\"width:52px;height:auto\"\/><\/figure>\n\n\n\n<div class=\"wp-block-group ihc-tp-card__body is-layout-flow wp-block-group-is-layout-flow\">\n<h3 id=\"t-krio\" class=\"wp-block-heading\">Cryotherapy<\/h3>\n\n\n\n<p class=\"wp-block-paragraph\">Short cold exposure has an invigorating effect, so we recommend it rather in the first half of the day \u2013 it may also have a role in ordering your daily rhythm.<\/p>\n\n\n\n<div class=\"wp-block-buttons ihc-btns is-layout-flex wp-block-buttons-is-layout-flex\">\n<div class=\"wp-block-button ihc-btn--ghost\"><a class=\"wp-block-button__link wp-element-button\" href=\"https:\/\/imaginehealthcenter.hu\/en\/krioterapia\/\">See the therapy<\/a><\/div>\n<\/div>\n<\/div>\n<\/div>\n<\/div>\n<\/div>\n<\/div>\n\n\n\n<div class=\"wp-block-group alignfull ihc-section ihc-section--tint ihc-tp-renew is-layout-flow wp-block-group-is-layout-flow\">\n<div class=\"wp-block-group ihc-wrap is-layout-flow wp-block-group-is-layout-flow\">\n<div class=\"wp-block-group ihc-tp-split ihc-tp-split--media-first is-layout-flow wp-block-group-is-layout-flow\">\n<div class=\"wp-block-group ihc-tp-split__media is-layout-flow wp-block-group-is-layout-flow\">\n<figure class=\"wp-block-image size-large ihc-tp-photo\"><img loading=\"lazy\" decoding=\"async\" width=\"1024\" height=\"640\" src=\"https:\/\/imaginehealthcenter.hu\/wp-content\/uploads\/2026\/08\/jobb-alvas-01-1024x640.webp\" alt=\"Felt\u00f6lt\u0151d\u00e9s \u00e9s pihen\u00e9s kezel\u00e9s k\u00f6zben\" class=\"wp-image-7981\" srcset=\"https:\/\/imaginehealthcenter.hu\/wp-content\/uploads\/2026\/08\/jobb-alvas-01-1024x640.webp 1024w, https:\/\/imaginehealthcenter.hu\/wp-content\/uploads\/2026\/08\/jobb-alvas-01-300x188.webp 300w, https:\/\/imaginehealthcenter.hu\/wp-content\/uploads\/2026\/08\/jobb-alvas-01-768x480.webp 768w, https:\/\/imaginehealthcenter.hu\/wp-content\/uploads\/2026\/08\/jobb-alvas-01-1536x961.webp 1536w, https:\/\/imaginehealthcenter.hu\/wp-content\/uploads\/2026\/08\/jobb-alvas-01-18x12.webp 18w, https:\/\/imaginehealthcenter.hu\/wp-content\/uploads\/2026\/08\/jobb-alvas-01.webp 1586w\" sizes=\"auto, (max-width: 1024px) 100vw, 1024px\" \/><\/figure>\n<\/div>\n\n\n\n<div class=\"wp-block-group ihc-tp-split__text is-layout-flow wp-block-group-is-layout-flow\">\n<h2 id=\"engedd-el\" class=\"wp-block-heading\">Let go of the tension of the day<\/h2>\n\n\n\n<p class=\"wp-block-paragraph\">Restful sleep does not begin in bed. Our therapies are passive, pleasant treatments that help release the strain of the day and calm the body.<\/p>\n\n\n\n<ul class=\"wp-block-list ihc-tp-list ihc-tp-list--check\">\n<li>Passive, pleasant treatments<\/li>\n\n\n\n<li>Released daily tension<\/li>\n\n\n\n<li>Supported circulation and recovery<\/li>\n\n\n\n<li>A calmer evening wind-down<\/li>\n\n\n\n<li>Easy to fit into your evening routine<\/li>\n<\/ul>\n<\/div>\n<\/div>\n<\/div>\n<\/div>\n\n\n\n<div class=\"wp-block-group alignfull ihc-section ihc-tp-who is-layout-flow wp-block-group-is-layout-flow\">\n<div class=\"wp-block-group ihc-wrap is-layout-flow wp-block-group-is-layout-flow\">\n<div class=\"wp-block-group ihc-head is-layout-flow wp-block-group-is-layout-flow\">\n<p class=\"ihc-eyebrow wp-block-paragraph\">WHO DO WE RECOMMEND IT FOR?<\/p>\n\n\n\n<h2 id=\"kinek-ajanljuk\" class=\"wp-block-heading\">If you find it hard to switch off<\/h2>\n<\/div>\n\n\n\n<div class=\"wp-block-group ihc-tp-cards ihc-tp-cards--4 is-layout-flow wp-block-group-is-layout-flow\">\n<div class=\"wp-block-group ihc-tp-card is-layout-flow wp-block-group-is-layout-flow\">\n<figure class=\"wp-block-image size-full is-resized ihc-tp-icon\"><img loading=\"lazy\" decoding=\"async\" width=\"300\" height=\"300\" src=\"https:\/\/imaginehealthcenter.hu\/wp-content\/uploads\/2026\/08\/Minden-gomb-28.png\" alt=\"\" class=\"wp-image-7819\" style=\"width:56px;height:auto\" srcset=\"https:\/\/imaginehealthcenter.hu\/wp-content\/uploads\/2026\/08\/Minden-gomb-28.png 300w, https:\/\/imaginehealthcenter.hu\/wp-content\/uploads\/2026\/08\/Minden-gomb-28-150x150.png 150w, https:\/\/imaginehealthcenter.hu\/wp-content\/uploads\/2026\/08\/Minden-gomb-28-12x12.png 12w\" sizes=\"auto, (max-width: 300px) 100vw, 300px\" \/><\/figure>\n\n\n\n<h3 id=\"w-stressz\" class=\"wp-block-heading\">For a stressful lifestyle<\/h3>\n\n\n\n<p class=\"wp-block-paragraph\">Those who find it hard to let go of the tension of the day.<\/p>\n<\/div>\n\n\n\n<div class=\"wp-block-group ihc-tp-card is-layout-flow wp-block-group-is-layout-flow\">\n<figure class=\"wp-block-image size-full is-resized ihc-tp-icon\"><img loading=\"lazy\" decoding=\"async\" width=\"300\" height=\"300\" src=\"https:\/\/imaginehealthcenter.hu\/wp-content\/uploads\/2026\/08\/Minden-gomb-37.png\" alt=\"\" class=\"wp-image-7902\" style=\"width:56px;height:auto\" srcset=\"https:\/\/imaginehealthcenter.hu\/wp-content\/uploads\/2026\/08\/Minden-gomb-37.png 300w, https:\/\/imaginehealthcenter.hu\/wp-content\/uploads\/2026\/08\/Minden-gomb-37-150x150.png 150w, https:\/\/imaginehealthcenter.hu\/wp-content\/uploads\/2026\/08\/Minden-gomb-37-12x12.png 12w\" sizes=\"auto, (max-width: 300px) 100vw, 300px\" \/><\/figure>\n\n\n\n<h3 id=\"w-ulomunka\" class=\"wp-block-heading\">For desk work<\/h3>\n\n\n\n<p class=\"wp-block-paragraph\">Those who spend several hours a day in front of a screen.<\/p>\n<\/div>\n\n\n\n<div class=\"wp-block-group ihc-tp-card is-layout-flow wp-block-group-is-layout-flow\">\n<figure class=\"wp-block-image size-full is-resized ihc-tp-icon\"><img loading=\"lazy\" decoding=\"async\" width=\"300\" height=\"300\" src=\"https:\/\/imaginehealthcenter.hu\/wp-content\/uploads\/2026\/08\/Minden-gomb-5.webp\" alt=\"\" class=\"wp-image-7394\" style=\"width:56px;height:auto\" srcset=\"https:\/\/imaginehealthcenter.hu\/wp-content\/uploads\/2026\/08\/Minden-gomb-5.webp 300w, https:\/\/imaginehealthcenter.hu\/wp-content\/uploads\/2026\/08\/Minden-gomb-5-150x150.webp 150w, https:\/\/imaginehealthcenter.hu\/wp-content\/uploads\/2026\/08\/Minden-gomb-5-12x12.webp 12w\" sizes=\"auto, (max-width: 300px) 100vw, 300px\" \/><\/figure>\n\n\n\n<h3 id=\"w-sport\" class=\"wp-block-heading\">For athletes<\/h3>\n\n\n\n<p class=\"wp-block-paragraph\">For whom good rest is important even after a heavy load.<\/p>\n<\/div>\n\n\n\n<div class=\"wp-block-group ihc-tp-card is-layout-flow wp-block-group-is-layout-flow\">\n<figure class=\"wp-block-image size-full is-resized ihc-tp-icon\"><img loading=\"lazy\" decoding=\"async\" width=\"300\" height=\"300\" src=\"https:\/\/imaginehealthcenter.hu\/wp-content\/uploads\/2026\/08\/Minden-gomb-27.png\" alt=\"\" class=\"wp-image-7817\" style=\"width:56px;height:auto\" srcset=\"https:\/\/imaginehealthcenter.hu\/wp-content\/uploads\/2026\/08\/Minden-gomb-27.png 300w, https:\/\/imaginehealthcenter.hu\/wp-content\/uploads\/2026\/08\/Minden-gomb-27-150x150.png 150w, https:\/\/imaginehealthcenter.hu\/wp-content\/uploads\/2026\/08\/Minden-gomb-27-12x12.png 12w\" sizes=\"auto, (max-width: 300px) 100vw, 300px\" \/><\/figure>\n\n\n\n<h3 id=\"w-faradtsag\" class=\"wp-block-heading\">In case of a feeling of fatigue<\/h3>\n\n\n\n<p class=\"wp-block-paragraph\">Those who feel exhausted even in the morning.<\/p>\n<\/div>\n<\/div>\n<\/div>\n<\/div>\n\n\n\n<div class=\"wp-block-group alignfull ihc-section ihc-section--tint ihc-tp-info is-layout-flow wp-block-group-is-layout-flow\">\n<div class=\"wp-block-group ihc-wrap is-layout-flow wp-block-group-is-layout-flow\">\n<div class=\"wp-block-group ihc-head is-layout-flow wp-block-group-is-layout-flow\">\n<p class=\"ihc-eyebrow wp-block-paragraph\">FREQUENTLY ASKED QUESTIONS<\/p>\n\n\n\n<h2 id=\"gyik\" class=\"wp-block-heading\">Frequently asked questions<\/h2>\n<\/div>\n\n\n\n<div class=\"wp-block-group ihc-tp-faq ihc-tp-faq--wide is-layout-flow wp-block-group-is-layout-flow\">\n<details class=\"wp-block-details is-layout-flow wp-block-details-is-layout-flow\"><summary>When is the best time for the treatment?<\/summary>\n<p class=\"wp-block-paragraph\">Many people choose treatments that support relaxation in the afternoon or early evening. Cryotherapy has an invigorating effect, so we recommend it rather in the first half of the day. Before your first session we will discuss with you what fits your daily schedule.<\/p>\n<\/details>\n\n\n\n<details class=\"wp-block-details is-layout-flow wp-block-details-is-layout-flow\"><summary>How long does it take before the effect is noticeable?<\/summary>\n<p class=\"wp-block-paragraph\">This varies from person to person. Many people feel calmer after just the first few sessions; for a more lasting change, however, several regularly repeated treatments are usually needed.<\/p>\n<\/details>\n\n\n\n<details class=\"wp-block-details is-layout-flow wp-block-details-is-layout-flow\"><summary>Does this replace a medical examination for a sleep disorder?<\/summary>\n<p class=\"wp-block-paragraph\">No. These are wellness and regeneration treatments. In the case of a persistent sleep problem, snoring or a suspicion of sleep apnoea, always see a doctor \u2013 the therapies can at most be a complement.<\/p>\n<\/details>\n\n\n\n<details class=\"wp-block-details is-layout-flow wp-block-details-is-layout-flow\"><summary>Can several therapies be combined in one session?<\/summary>\n<p class=\"wp-block-paragraph\">In most cases yes; in fact we often use them to complement each other. We work out the exact programme on site, in a personalised way.<\/p>\n<\/details>\n\n\n\n<details class=\"wp-block-details is-layout-flow wp-block-details-is-layout-flow\"><summary>Are there any contraindications?<\/summary>\n<p class=\"wp-block-paragraph\">Yes, and they differ from therapy to therapy. In the case of an acute injury, recent surgery, fever, acute inflammation, serious circulatory or heart disease, or pregnancy, always consult a specialist. You can also find the contraindications of the individual therapies on the therapy pages and on the <a href=\"https:\/\/imaginehealthcenter.hu\/en\/gyakran-ismetelt-kerdesek\/\">FAQ page<\/a> .<\/p>\n<\/details>\n<\/div>\n<\/div>\n<\/div>\n\n\n\n<div class=\"wp-block-group alignfull ihc-tp-book is-layout-flow wp-block-group-is-layout-flow\">\n<div class=\"wp-block-group ihc-wrap is-layout-flow wp-block-group-is-layout-flow\">\n<div class=\"wp-block-group ihc-tp-book__inner is-layout-flow wp-block-group-is-layout-flow\">\n<figure class=\"wp-block-image size-full is-resized ihc-tp-icon ihc-tp-book__icon\"><img loading=\"lazy\" decoding=\"async\" width=\"300\" height=\"300\" src=\"https:\/\/imaginehealthcenter.hu\/wp-content\/uploads\/2026\/08\/Minden-gomb-23.webp\" alt=\"\" class=\"wp-image-7788\" style=\"width:52px;height:auto\" srcset=\"https:\/\/imaginehealthcenter.hu\/wp-content\/uploads\/2026\/08\/Minden-gomb-23.webp 300w, https:\/\/imaginehealthcenter.hu\/wp-content\/uploads\/2026\/08\/Minden-gomb-23-150x150.webp 150w, https:\/\/imaginehealthcenter.hu\/wp-content\/uploads\/2026\/08\/Minden-gomb-23-12x12.webp 12w\" sizes=\"auto, (max-width: 300px) 100vw, 300px\" \/><\/figure>\n\n\n\n<div class=\"wp-block-group ihc-tp-book__text is-layout-flow wp-block-group-is-layout-flow\">\n<h2 id=\"cta-alvas\" class=\"wp-block-heading\">Do more for your rest!<\/h2>\n\n\n\n<p class=\"wp-block-paragraph\">Book an appointment and let us find the evening recharge that suits you.<\/p>\n<\/div>\n\n\n\n<div class=\"wp-block-buttons ihc-btns ihc-tp-book__btn is-layout-flex wp-block-buttons-is-layout-flex\">\n<div class=\"wp-block-button\"><a class=\"wp-block-button__link wp-element-button\" href=\"https:\/\/imaginehealthcenter.hu\/en\/hamarosan\/\">Book an appointment<\/a><\/div>\n<\/div>\n<\/div>\n<\/div>\n<\/div>","protected":false},"excerpt":{"rendered":"<p>Az enyhe oxig\u00e9nter\u00e1pia (mHBOT) a k\u00fcl\u00f6nb\u00f6z\u0151 alv\u00e1szavarok kezel\u00e9s\u00e9ben is jelent\u0151s szerepet j\u00e1tszik m\u00e1s pozit\u00edv hat\u00e1sok mellett.<\/p>","protected":false},"author":1,"featured_media":7847,"parent":0,"menu_order":0,"comment_status":"closed","ping_status":"closed","template":"","meta":{"footnotes":""},"class_list":["post-2206","page","type-page","status-publish","has-post-thumbnail","hentry"],"blocksy_meta":{"has_hero_section":"disabled","vertical_spacing_source":"custom","content_area_spacing":"none","styles_descriptor":{"styles":{"desktop":"","tablet":"","mobile":""},"google_fonts":[],"version":7}},"yoast_head":"<!-- This site is optimized with the Yoast SEO plugin v28.3 - https:\/\/yoast.com\/product\/yoast-seo-wordpress\/ -->\n<title>Jobb alv\u00e1s \u2013 oxig\u00e9nter\u00e1pia az alv\u00e1s\u00e9rt | Imagine Health Center<\/title>\n<meta name=\"description\" content=\"Nyugodtabb pihen\u00e9s \u00e9s felt\u00f6lt\u0151d\u00e9s. N\u00e9zd meg, hogyan illeszthet\u0151 az enyhe oxig\u00e9nter\u00e1pia a rutinodba a budapesti k\u00f6zpontunkban.\" \/>\n<meta name=\"robots\" content=\"index, follow, max-snippet:-1, max-image-preview:large, max-video-preview:-1\" \/>\n<link rel=\"canonical\" href=\"https:\/\/imaginehealthcenter.hu\/en\/jobb-alvas\/\" \/>\n<meta property=\"og:locale\" content=\"en_US\" \/>\n<meta property=\"og:type\" content=\"article\" \/>\n<meta property=\"og:title\" content=\"Jobb alv\u00e1s \u2013 oxig\u00e9nter\u00e1pia az alv\u00e1s\u00e9rt | Imagine Health Center\" \/>\n<meta property=\"og:description\" content=\"Nyugodtabb pihen\u00e9s \u00e9s felt\u00f6lt\u0151d\u00e9s. N\u00e9zd meg, hogyan illeszthet\u0151 az enyhe oxig\u00e9nter\u00e1pia a rutinodba a budapesti k\u00f6zpontunkban.\" \/>\n<meta property=\"og:url\" content=\"https:\/\/imaginehealthcenter.hu\/en\/jobb-alvas\/\" \/>\n<meta property=\"og:site_name\" content=\"Imagine Health Center\" \/>\n<meta property=\"article:publisher\" content=\"https:\/\/www.facebook.com\/imaginehealthofficial\/\" \/>\n<meta property=\"article:modified_time\" content=\"2026-08-29T06:31:07+00:00\" \/>\n<meta property=\"og:image\" content=\"https:\/\/imaginehealthcenter.hu\/wp-content\/uploads\/2026\/08\/Imagine-Health-Center-Budapest-Retek-utca.jpg\" \/>\n<meta name=\"twitter:card\" content=\"summary_large_image\" \/>\n<meta name=\"twitter:image\" content=\"https:\/\/imaginehealthcenter.hu\/wp-content\/uploads\/2026\/08\/Imagine-Health-Center-Budapest-Retek-utca.jpg\" \/>\n<meta name=\"twitter:label1\" content=\"Est. reading time\" \/>\n\t<meta name=\"twitter:data1\" content=\"6 minutes\" \/>\n<script type=\"application\/ld+json\" class=\"yoast-schema-graph\">{\"@context\":\"https:\\\/\\\/schema.org\",\"@graph\":[{\"@type\":\"WebPage\",\"@id\":\"https:\\\/\\\/imaginehealthcenter.hu\\\/jobb-alvas\\\/\",\"url\":\"https:\\\/\\\/imaginehealthcenter.hu\\\/jobb-alvas\\\/\",\"name\":\"Jobb alv\u00e1s \u2013 oxig\u00e9nter\u00e1pia az alv\u00e1s\u00e9rt | Imagine Health Center\",\"isPartOf\":{\"@id\":\"https:\\\/\\\/imaginehealthcenter.hu\\\/#website\"},\"primaryImageOfPage\":{\"@id\":\"https:\\\/\\\/imaginehealthcenter.hu\\\/jobb-alvas\\\/#primaryimage\"},\"image\":{\"@id\":\"https:\\\/\\\/imaginehealthcenter.hu\\\/jobb-alvas\\\/#primaryimage\"},\"thumbnailUrl\":\"https:\\\/\\\/imaginehealthcenter.hu\\\/wp-content\\\/uploads\\\/2026\\\/08\\\/Imagine-Health-Center-Budapest-Retek-utca.jpg\",\"datePublished\":\"2025-02-08T17:32:39+00:00\",\"dateModified\":\"2026-08-29T06:31:07+00:00\",\"description\":\"Nyugodtabb pihen\u00e9s \u00e9s felt\u00f6lt\u0151d\u00e9s. N\u00e9zd meg, hogyan illeszthet\u0151 az enyhe oxig\u00e9nter\u00e1pia a rutinodba a budapesti k\u00f6zpontunkban.\",\"breadcrumb\":{\"@id\":\"https:\\\/\\\/imaginehealthcenter.hu\\\/jobb-alvas\\\/#breadcrumb\"},\"inLanguage\":\"en-US\",\"potentialAction\":[{\"@type\":\"ReadAction\",\"target\":[\"https:\\\/\\\/imaginehealthcenter.hu\\\/jobb-alvas\\\/\"]}]},{\"@type\":\"ImageObject\",\"inLanguage\":\"en-US\",\"@id\":\"https:\\\/\\\/imaginehealthcenter.hu\\\/jobb-alvas\\\/#primaryimage\",\"url\":\"https:\\\/\\\/imaginehealthcenter.hu\\\/wp-content\\\/uploads\\\/2026\\\/08\\\/Imagine-Health-Center-Budapest-Retek-utca.jpg\",\"contentUrl\":\"https:\\\/\\\/imaginehealthcenter.hu\\\/wp-content\\\/uploads\\\/2026\\\/08\\\/Imagine-Health-Center-Budapest-Retek-utca.jpg\",\"width\":1254,\"height\":1254,\"caption\":\"Imagine Health Center \u2013 Budapest, Retek utca\"},{\"@type\":\"BreadcrumbList\",\"@id\":\"https:\\\/\\\/imaginehealthcenter.hu\\\/jobb-alvas\\\/#breadcrumb\",\"itemListElement\":[{\"@type\":\"ListItem\",\"position\":1,\"name\":\"Kezd\u0151lap\",\"item\":\"https:\\\/\\\/imaginehealthcenter.hu\\\/\"},{\"@type\":\"ListItem\",\"position\":2,\"name\":\"Jobb alv\u00e1s\"}]},{\"@type\":\"WebSite\",\"@id\":\"https:\\\/\\\/imaginehealthcenter.hu\\\/#website\",\"url\":\"https:\\\/\\\/imaginehealthcenter.hu\\\/\",\"name\":\"Imagine Health Center\",\"description\":\"Innovat\u00edv Wellness Centrum a Mammut k\u00f6zel\u00e9ben\",\"publisher\":{\"@id\":\"https:\\\/\\\/imaginehealthcenter.hu\\\/#organization\"},\"potentialAction\":[{\"@type\":\"SearchAction\",\"target\":{\"@type\":\"EntryPoint\",\"urlTemplate\":\"https:\\\/\\\/imaginehealthcenter.hu\\\/?s={search_term_string}\"},\"query-input\":{\"@type\":\"PropertyValueSpecification\",\"valueRequired\":true,\"valueName\":\"search_term_string\"}}],\"inLanguage\":\"en-US\"},{\"@type\":\"Organization\",\"@id\":\"https:\\\/\\\/imaginehealthcenter.hu\\\/#organization\",\"name\":\"Imagine Health Center\",\"url\":\"https:\\\/\\\/imaginehealthcenter.hu\\\/\",\"logo\":{\"@type\":\"ImageObject\",\"inLanguage\":\"en-US\",\"@id\":\"https:\\\/\\\/imaginehealthcenter.hu\\\/#\\\/schema\\\/logo\\\/image\\\/\",\"url\":\"https:\\\/\\\/imaginehealthcenter.hu\\\/wp-content\\\/uploads\\\/2026\\\/01\\\/IMAGINE-HEALTH-CENTER-logo-colored-black._horizontal_small.png\",\"contentUrl\":\"https:\\\/\\\/imaginehealthcenter.hu\\\/wp-content\\\/uploads\\\/2026\\\/01\\\/IMAGINE-HEALTH-CENTER-logo-colored-black._horizontal_small.png\",\"width\":1500,\"height\":461,\"caption\":\"Imagine Health Center\"},\"image\":{\"@id\":\"https:\\\/\\\/imaginehealthcenter.hu\\\/#\\\/schema\\\/logo\\\/image\\\/\"},\"sameAs\":[\"https:\\\/\\\/www.facebook.com\\\/imaginehealthofficial\\\/\",\"https:\\\/\\\/www.tiktok.com\\\/@imaginehealth\"]}]}<\/script>\n<!-- \/ Yoast SEO plugin. -->","yoast_head_json":{"title":"Jobb alv\u00e1s \u2013 oxig\u00e9nter\u00e1pia az alv\u00e1s\u00e9rt | Imagine Health Center","description":"Nyugodtabb pihen\u00e9s \u00e9s felt\u00f6lt\u0151d\u00e9s. N\u00e9zd meg, hogyan illeszthet\u0151 az enyhe oxig\u00e9nter\u00e1pia a rutinodba a budapesti k\u00f6zpontunkban.","robots":{"index":"index","follow":"follow","max-snippet":"max-snippet:-1","max-image-preview":"max-image-preview:large","max-video-preview":"max-video-preview:-1"},"canonical":"https:\/\/imaginehealthcenter.hu\/en\/jobb-alvas\/","og_locale":"en_US","og_type":"article","og_title":"Jobb alv\u00e1s \u2013 oxig\u00e9nter\u00e1pia az alv\u00e1s\u00e9rt | Imagine Health Center","og_description":"Nyugodtabb pihen\u00e9s \u00e9s felt\u00f6lt\u0151d\u00e9s. N\u00e9zd meg, hogyan illeszthet\u0151 az enyhe oxig\u00e9nter\u00e1pia a rutinodba a budapesti k\u00f6zpontunkban.","og_url":"https:\/\/imaginehealthcenter.hu\/en\/jobb-alvas\/","og_site_name":"Imagine Health Center","article_publisher":"https:\/\/www.facebook.com\/imaginehealthofficial\/","article_modified_time":"2026-08-29T06:31:07+00:00","og_image":[{"url":"https:\/\/imaginehealthcenter.hu\/wp-content\/uploads\/2026\/08\/Imagine-Health-Center-Budapest-Retek-utca.jpg","type":"","width":"","height":""}],"twitter_card":"summary_large_image","twitter_image":"https:\/\/imaginehealthcenter.hu\/wp-content\/uploads\/2026\/08\/Imagine-Health-Center-Budapest-Retek-utca.jpg","twitter_misc":{"Est. reading time":"6 minutes"},"schema":{"@context":"https:\/\/schema.org","@graph":[{"@type":"WebPage","@id":"https:\/\/imaginehealthcenter.hu\/jobb-alvas\/","url":"https:\/\/imaginehealthcenter.hu\/jobb-alvas\/","name":"Jobb alv\u00e1s \u2013 oxig\u00e9nter\u00e1pia az alv\u00e1s\u00e9rt | Imagine Health Center","isPartOf":{"@id":"https:\/\/imaginehealthcenter.hu\/#website"},"primaryImageOfPage":{"@id":"https:\/\/imaginehealthcenter.hu\/jobb-alvas\/#primaryimage"},"image":{"@id":"https:\/\/imaginehealthcenter.hu\/jobb-alvas\/#primaryimage"},"thumbnailUrl":"https:\/\/imaginehealthcenter.hu\/wp-content\/uploads\/2026\/08\/Imagine-Health-Center-Budapest-Retek-utca.jpg","datePublished":"2025-02-08T17:32:39+00:00","dateModified":"2026-08-29T06:31:07+00:00","description":"Nyugodtabb pihen\u00e9s \u00e9s felt\u00f6lt\u0151d\u00e9s. N\u00e9zd meg, hogyan illeszthet\u0151 az enyhe oxig\u00e9nter\u00e1pia a rutinodba a budapesti k\u00f6zpontunkban.","breadcrumb":{"@id":"https:\/\/imaginehealthcenter.hu\/jobb-alvas\/#breadcrumb"},"inLanguage":"en-US","potentialAction":[{"@type":"ReadAction","target":["https:\/\/imaginehealthcenter.hu\/jobb-alvas\/"]}]},{"@type":"ImageObject","inLanguage":"en-US","@id":"https:\/\/imaginehealthcenter.hu\/jobb-alvas\/#primaryimage","url":"https:\/\/imaginehealthcenter.hu\/wp-content\/uploads\/2026\/08\/Imagine-Health-Center-Budapest-Retek-utca.jpg","contentUrl":"https:\/\/imaginehealthcenter.hu\/wp-content\/uploads\/2026\/08\/Imagine-Health-Center-Budapest-Retek-utca.jpg","width":1254,"height":1254,"caption":"Imagine Health Center \u2013 Budapest, Retek utca"},{"@type":"BreadcrumbList","@id":"https:\/\/imaginehealthcenter.hu\/jobb-alvas\/#breadcrumb","itemListElement":[{"@type":"ListItem","position":1,"name":"Kezd\u0151lap","item":"https:\/\/imaginehealthcenter.hu\/"},{"@type":"ListItem","position":2,"name":"Jobb alv\u00e1s"}]},{"@type":"WebSite","@id":"https:\/\/imaginehealthcenter.hu\/#website","url":"https:\/\/imaginehealthcenter.hu\/","name":"Imagine Health Center","description":"Innovat\u00edv Wellness Centrum a Mammut k\u00f6zel\u00e9ben","publisher":{"@id":"https:\/\/imaginehealthcenter.hu\/#organization"},"potentialAction":[{"@type":"SearchAction","target":{"@type":"EntryPoint","urlTemplate":"https:\/\/imaginehealthcenter.hu\/?s={search_term_string}"},"query-input":{"@type":"PropertyValueSpecification","valueRequired":true,"valueName":"search_term_string"}}],"inLanguage":"en-US"},{"@type":"Organization","@id":"https:\/\/imaginehealthcenter.hu\/#organization","name":"Imagine Health Center","url":"https:\/\/imaginehealthcenter.hu\/","logo":{"@type":"ImageObject","inLanguage":"en-US","@id":"https:\/\/imaginehealthcenter.hu\/#\/schema\/logo\/image\/","url":"https:\/\/imaginehealthcenter.hu\/wp-content\/uploads\/2026\/01\/IMAGINE-HEALTH-CENTER-logo-colored-black._horizontal_small.png","contentUrl":"https:\/\/imaginehealthcenter.hu\/wp-content\/uploads\/2026\/01\/IMAGINE-HEALTH-CENTER-logo-colored-black._horizontal_small.png","width":1500,"height":461,"caption":"Imagine Health Center"},"image":{"@id":"https:\/\/imaginehealthcenter.hu\/#\/schema\/logo\/image\/"},"sameAs":["https:\/\/www.facebook.com\/imaginehealthofficial\/","https:\/\/www.tiktok.com\/@imaginehealth"]}]}},"_links":{"self":[{"href":"https:\/\/imaginehealthcenter.hu\/en\/wp-json\/wp\/v2\/pages\/2206","targetHints":{"allow":["GET"]}}],"collection":[{"href":"https:\/\/imaginehealthcenter.hu\/en\/wp-json\/wp\/v2\/pages"}],"about":[{"href":"https:\/\/imaginehealthcenter.hu\/en\/wp-json\/wp\/v2\/types\/page"}],"author":[{"embeddable":true,"href":"https:\/\/imaginehealthcenter.hu\/en\/wp-json\/wp\/v2\/users\/1"}],"replies":[{"embeddable":true,"href":"https:\/\/imaginehealthcenter.hu\/en\/wp-json\/wp\/v2\/comments?post=2206"}],"version-history":[{"count":0,"href":"https:\/\/imaginehealthcenter.hu\/en\/wp-json\/wp\/v2\/pages\/2206\/revisions"}],"wp:featuredmedia":[{"embeddable":true,"href":"https:\/\/imaginehealthcenter.hu\/en\/wp-json\/wp\/v2\/media\/7847"}],"wp:attachment":[{"href":"https:\/\/imaginehealthcenter.hu\/en\/wp-json\/wp\/v2\/media?parent=2206"}],"curies":[{"name":"wp","href":"https:\/\/api.w.org\/{rel}","templated":true}]}}